{"id":170,"date":"2023-12-04T16:11:01","date_gmt":"2023-12-04T16:11:01","guid":{"rendered":"https:\/\/www.agathevidal.fr\/?page_id=170"},"modified":"2026-08-08T18:37:51","modified_gmt":"2026-08-08T18:37:51","slug":"concept","status":"publish","type":"page","link":"https:\/\/www.agathevidal.fr\/?page_id=170","title":{"rendered":"Qui suis je ?"},"content":{"rendered":"\n<p class=\"wp-block-paragraph\">J\u2019explore ce qui se transforme dans nos existences individuelles et collectives, et je cherche \u00e0 cr\u00e9er des espaces o\u00f9 une autre compr\u00e9hension du r\u00e9el \u2014 et parfois une autre mani\u00e8re d\u2019agir \u2014 peut \u00e9merger.<\/p>\n\n\n\n<p class=\"wp-block-paragraph\">Mon travail se situe \u00e0 la rencontre de la philosophie, de la recherche, de l\u2019\u00e9criture, de l\u2019enqu\u00eate et de la transmission.<\/p>\n\n\n\n<p class=\"wp-block-paragraph\"><strong>\u00ab\u00a0Comprendre les transformations pour ouvrir des possibilit\u00e9s\u00a0\u00bb.<\/strong><\/p>\n\n\n\n\n\n<h3 class=\"wp-block-heading\">Comment continuer \u00e0 devenir lorsque tout est en train de changer ?<\/h3>\n\n\n\n<p class=\"wp-block-paragraph\">Cette question traverse mon parcours depuis mes premi\u00e8res ann\u00e9es jusqu&rsquo;aux projets que je d\u00e9veloppe aujourd&rsquo;hui.<\/p>\n\n\n\n<p class=\"wp-block-paragraph\">Elle m&rsquo;am\u00e8ne \u00e0 m&rsquo;int\u00e9resser aux individus comme aux collectifs, aux trajectoires personnelles comme aux transformations sociales, aux lieux que nous habitons comme aux histoires que nous transmettons.<\/p>\n\n\n\n<p class=\"wp-block-paragraph\">Je cherche moins \u00e0 apporter des r\u00e9ponses d\u00e9finitives qu&rsquo;\u00e0 cr\u00e9er les conditions pour&nbsp;<strong>mieux regarder, mieux comprendre et retrouver des possibilit\u00e9s d&rsquo;action.<\/strong><\/p>\n\n\n\n<figure class=\"wp-block-image size-full is-resized\"><img loading=\"lazy\" decoding=\"async\" width=\"512\" height=\"512\" src=\"https:\/\/www.agathevidal.fr\/wp-content\/uploads\/2022\/09\/cropped-IMG_0733-1.jpg\" alt=\"Agathe Vidal \nAgathe, du grec Agathos (le bien) Vidal, du latin Vitalis (vital)\" class=\"wp-image-75\" style=\"width:557px;height:auto\" srcset=\"https:\/\/www.agathevidal.fr\/wp-content\/uploads\/2022\/09\/cropped-IMG_0733-1.jpg 512w, https:\/\/www.agathevidal.fr\/wp-content\/uploads\/2022\/09\/cropped-IMG_0733-1-300x300.jpg 300w, https:\/\/www.agathevidal.fr\/wp-content\/uploads\/2022\/09\/cropped-IMG_0733-1-150x150.jpg 150w, https:\/\/www.agathevidal.fr\/wp-content\/uploads\/2022\/09\/cropped-IMG_0733-1-200x200.jpg 200w\" sizes=\"auto, (max-width: 512px) 100vw, 512px\" \/><\/figure>\n\n\n\n<p class=\"wp-block-paragraph\">Philosophe de formation, j\u2019ai construit mon parcours \u00e0 la crois\u00e9e de l\u2019enseignement, du conseil et de la sant\u00e9.&nbsp;<\/p>\n\n\n\n<p class=\"wp-block-paragraph\">D\u00e8s 2008, j\u2019ai enseign\u00e9 la philosophie en milieu carc\u00e9ral et en lyc\u00e9e, avant de fonder le Coll\u00e8ge des Savoirs et de publier Se manquer, une initiation \u00e0 la philosophie comme invitation \u00e0 s\u2019interroger.<\/p>\n\n\n\n<p class=\"wp-block-paragraph\">Pendant six ans, j\u2019ai fond\u00e9 et dirig\u00e9 l\u2019Institut Cogito, un cabinet de conseil et de formation, tout en travaillant&nbsp; sur la relation entre patients et m\u00e9decins.<\/p>\n\n\n\n<p class=\"wp-block-paragraph\">Depuis 2020, j\u2019anime Questions de vie, une chronique mensuelle diffus\u00e9e sur plusieurs antennes en France, et j\u2019ai coordonn\u00e9 un num\u00e9ro de la revue Philosophie \u00e9conomique (\u00c9ditions Vrin) consacr\u00e9 \u00e0 la sant\u00e9 mentale et aux addictions (\u00e0 para\u00eetre).<\/p>\n\n\n\n<p class=\"wp-block-paragraph\">Un DU D\u00e9mocratie en sant\u00e9 \u00e0 la Sorbonne est venu ancrer plus r\u00e9cemment ma r\u00e9flexion dans les enjeux contemporains du soin et les questions \u00e9thiques pos\u00e9es par l\u2019intelligence artificielle en sant\u00e9.<\/p>\n\n\n\n<figure class=\"wp-block-image size-full\"><img loading=\"lazy\" decoding=\"async\" width=\"549\" height=\"415\" src=\"https:\/\/www.agathevidal.fr\/wp-content\/uploads\/2023\/12\/surfer.jpeg\" alt=\"\" class=\"wp-image-171\" srcset=\"https:\/\/www.agathevidal.fr\/wp-content\/uploads\/2023\/12\/surfer.jpeg 549w, https:\/\/www.agathevidal.fr\/wp-content\/uploads\/2023\/12\/surfer-300x227.jpeg 300w\" sizes=\"auto, (max-width: 549px) 100vw, 549px\" \/><\/figure>\n\n\n\n<h2 class=\"wp-block-heading\">Apprendre \u00e0 prendre la vague<\/h2>\n\n\n\n<p class=\"wp-block-paragraph\">Il y a aussi ce que je ne comprends pas dans les livres.<\/p>\n\n\n\n<p class=\"wp-block-paragraph\">Le corps, le mouvement, l&rsquo;incertitude, le moment o\u00f9 il faut se lancer.<\/p>\n\n\n\n<p class=\"wp-block-paragraph\">Peut-\u00eatre est-ce aussi une mani\u00e8re de penser?<\/p>\n\n\n\n<p class=\"wp-block-paragraph\"><strong>\u00catre attentive au mouvement du monde, trouver son point d&rsquo;appui et apprendre \u00e0 agir avec lui plut\u00f4t que contre lui.<\/strong><\/p>\n\n\n\n<p class=\"wp-block-paragraph\">A partir de quelque chose d\u2019effrayant, une vague finalement n\u2019est ce pas l\u2019image de l\u2019adversit\u00e9, cela revient par cycle et par d\u00e9finition est indomptable, qui nous d\u00e9passe?<\/p>\n\n\n\n<p class=\"wp-block-paragraph\">Par son principe le surf ne contourne pas l\u2019obstacle mais en fait son appui.<\/p>\n\n\n\n<p class=\"wp-block-paragraph\">Analysons pourquoi ce sport?<\/p>\n\n\n\n<p class=\"wp-block-paragraph\">Que   demande  t&rsquo;il physiquement et mentalement ?<\/p>\n\n\n\n<p class=\"wp-block-paragraph\">Qu&rsquo;est ce qu&rsquo;il nous permet de d\u00e9crypter comme vertus?<\/p>\n\n\n\n<p class=\"wp-block-paragraph\">&nbsp;Qu&rsquo;est ce que la logique de ce sport pr\u00e9suppose comme philosophie et comme regard?<\/p>\n\n\n\n<p class=\"wp-block-paragraph\">Il ne s\u2019agit donc pas de&nbsp;face \u00e0 l\u2019adversit\u00e9 et mais en tirer profit, savoir \u00ab&nbsp;optimiser les obstacles&nbsp;\u00bb, n\u2019est pas seulement l\u2019id\u00e9e de voir des opportunit\u00e9s derri\u00e8res les obstacles&nbsp;qui s\u2019accumule (car e n\u2019est pas inn\u00e9) mais il s\u2019agit plut\u00f4t d\u2019une tournure d\u2019esprit.<\/p>\n\n\n\n<p class=\"wp-block-paragraph\">Penser non pas en terme d\u2019urgence mais dans une confiance appuy\u00e9e, de ses propres exp\u00e9riences et de nos r\u00e9alisations.&nbsp;<\/p>\n\n\n\n<p class=\"wp-block-paragraph\">Utiliser \u00ab\u00a0ce qui ne d\u00e9pends pas de nous \u00a0\u00bb : la d\u00e9marche elle m\u00eame, il s\u2019agit de s\u2019appuyer (litt\u00e9ralement) sur les forces de la nature pour en faire un jeu, une distraction et un sport.<\/p>\n\n\n\n<p class=\"wp-block-paragraph\">Dans cette optique, sur cette planche, qu&rsquo;est ce qui \u00ab\u00a0d\u00e9pend de nous\u00a0\u00bb?<\/p>\n\n\n\n<p class=\"wp-block-paragraph\">Difficile de tenir sur une planche sans \u00e9quilibre, ni harmonie entre notre positionnement et notre objectif. L&rsquo;alignement doit \u00eatre physique et mental, ce qui nous offre une congruence entre notre posture et objectif (la direction).<\/p>\n\n\n\n<p class=\"wp-block-paragraph\">N\u00e9anmoins, m\u00eame avec un fort d\u00e9sir de \u00ab\u00a0tenir sur la planche\u00a0\u00bb comme dans tout sport, il y a une n\u00e9cessit\u00e9 de \u00ab\u00a0l\u00e2cher prise\u00a0\u00bb qui peut \u00e9galement \u00eatre vu comme une confiance en soi-m\u00eame, en son mat\u00e9riel et le terrain d&rsquo;\u00e9volution : la mer..<\/p>\n\n\n\n<p class=\"wp-block-paragraph\">N\u2019est ce pas&nbsp;finalement, un \u00e9tat d&rsquo;esprit se traduisant par une posture face \u00e0 tout les d\u00e9fis de notre quotidien?&nbsp;<\/p>\n\n\n\n<h2 class=\"wp-block-heading\">Un m\u00eame fil traverse ces projets.<\/h2>\n\n\n\n<p class=\"wp-block-paragraph\"><strong>Comprendre ce qui se transforme.<\/strong><\/p>\n\n\n\n<p class=\"wp-block-paragraph\">\u00c9couter celles et ceux qui le vivent.<\/p>\n\n\n\n<p class=\"wp-block-paragraph\">Faire dialoguer les exp\u00e9riences.<\/p>\n\n\n\n<p class=\"wp-block-paragraph\">Donner une forme aux questions.<\/p>\n\n\n\n<p class=\"wp-block-paragraph\">Et chercher, avec d&rsquo;autres, les possibilit\u00e9s d&rsquo;agir.<\/p>\n\n\n\n<h1 class=\"wp-block-heading\">Et si nous explorions quelque chose ensemble ?<\/h1>\n\n\n\n<p class=\"wp-block-paragraph\">Vous avez une question \u00e0 explorer, un territoire \u00e0 comprendre, une histoire \u00e0 transmettre ou un projet \u00e0 construire ?<\/p>\n\n\n\n<p class=\"wp-block-paragraph\">Je collabore avec des personnes, des organisations, des institutions, des chercheurs, des artistes et des territoires qui souhaitent prendre le temps d&rsquo;explorer une question ou une transformation.<\/p>\n\n\n\n<p class=\"wp-block-paragraph\"><strong>Recherche \u00b7 enqu\u00eate \u00b7 \u00e9criture \u00b7 atelier \u00b7 conf\u00e9rence \u00b7 projet sur mesure<\/strong><\/p>\n\n\n\n<h2 class=\"wp-block-heading\">Parlons-en.<\/h2>\n\n\n\n<p class=\"wp-block-paragraph\"><strong><a href=\"contact@agathevidal.com\" title=\"\">[ ME CONTACTER ]<\/a><\/strong><\/p>\n\n\n\n<p class=\"wp-block-paragraph\">AGATHE VIDAL<br>Philosophe \u00b7 chercheuse \u00b7 autrice<\/p>\n\n\n\n<p class=\"wp-block-paragraph\">Penser les transformations.<br>\u00c9couter le r\u00e9el.<br>Relier les exp\u00e9riences.<br>Cr\u00e9er des possibilit\u00e9s d&rsquo;action.<\/p>\n\n\n\n<p class=\"wp-block-paragraph\"><a href=\"https:\/\/www.instagram.com\/agathe.vidal\/\" title=\"\" target=\"_blank\" rel=\"noopener\">Instagram<\/a> \u00b7 <a href=\"https:\/\/www.linkedin.com\/in\/agathe-vidal\/\" title=\"\" target=\"_blank\" rel=\"noopener\">LinkedIn<\/a> \u00b7 <a href=\"https:\/\/www.amazon.fr\/Se-manquer-d\u00e9sir-lAutre-comme\/dp\/1728949580?ref_=ast_author_dp&amp;th=1&amp;psc=1\" title=\"\" target=\"_blank\" rel=\"noopener\">Amazon<\/a> <a href=\"https:\/\/radioecclesia.com\/fr\/podcasts\/17\/\" title=\"\" target=\"_blank\" rel=\"noopener\">Podcast<\/a> \u00b7 <a href=\"contact@agathevidal.com\" title=\"\">Contact<\/a><\/p>\n\n\n\n<p class=\"wp-block-paragraph\">Mentions l\u00e9gales<br>Politique de confidentialit\u00e9<\/p>\n","protected":false},"excerpt":{"rendered":"<p>J\u2019explore ce qui se transforme dans nos existences individuelles et collectives, et je cherche \u00e0 cr\u00e9er des espaces o\u00f9 une autre compr\u00e9hension du r\u00e9el \u2014 et parfois une autre mani\u00e8re d\u2019agir \u2014 peut \u00e9merger. Mon travail se situe \u00e0 la rencontre de la philosophie, de la recherche, de l\u2019\u00e9criture, de l\u2019enqu\u00eate et de la transmission. [&hellip;]<\/p>\n","protected":false},"author":1,"featured_media":0,"parent":0,"menu_order":0,"comment_status":"closed","ping_status":"closed","template":"","meta":{"_acf_changed":false,"om_disable_all_campaigns":false,"_monsterinsights_skip_tracking":false,"footnotes":""},"class_list":["post-170","page","type-page","status-publish","hentry"],"acf":[],"_links":{"self":[{"href":"https:\/\/www.agathevidal.fr\/index.php?rest_route=\/wp\/v2\/pages\/170","targetHints":{"allow":["GET"]}}],"collection":[{"href":"https:\/\/www.agathevidal.fr\/index.php?rest_route=\/wp\/v2\/pages"}],"about":[{"href":"https:\/\/www.agathevidal.fr\/index.php?rest_route=\/wp\/v2\/types\/page"}],"author":[{"embeddable":true,"href":"https:\/\/www.agathevidal.fr\/index.php?rest_route=\/wp\/v2\/users\/1"}],"replies":[{"embeddable":true,"href":"https:\/\/www.agathevidal.fr\/index.php?rest_route=%2Fwp%2Fv2%2Fcomments&post=170"}],"version-history":[{"count":15,"href":"https:\/\/www.agathevidal.fr\/index.php?rest_route=\/wp\/v2\/pages\/170\/revisions"}],"predecessor-version":[{"id":491,"href":"https:\/\/www.agathevidal.fr\/index.php?rest_route=\/wp\/v2\/pages\/170\/revisions\/491"}],"wp:attachment":[{"href":"https:\/\/www.agathevidal.fr\/index.php?rest_route=%2Fwp%2Fv2%2Fmedia&parent=170"}],"curies":[{"name":"wp","href":"https:\/\/api.w.org\/{rel}","templated":true}]}}