{"id":8,"date":"2026-08-08T15:55:06","date_gmt":"2026-08-08T15:55:06","guid":{"rendered":"http:\/\/www.agathevidal.com\/?page_id=8"},"modified":"2026-08-08T18:39:40","modified_gmt":"2026-08-08T18:39:40","slug":"a-propos","status":"publish","type":"page","link":"https:\/\/www.agathevidal.fr\/?page_id=8","title":{"rendered":"Interventions"},"content":{"rendered":"\n<figure class=\"wp-block-image size-full is-resized\"><img loading=\"lazy\" decoding=\"async\" width=\"320\" height=\"217\" src=\"https:\/\/www.agathevidal.fr\/wp-content\/uploads\/2023\/12\/philosophie.jpeg\" alt=\"\" class=\"wp-image-191\" style=\"width:625px;height:auto\" srcset=\"https:\/\/www.agathevidal.fr\/wp-content\/uploads\/2023\/12\/philosophie.jpeg 320w, https:\/\/www.agathevidal.fr\/wp-content\/uploads\/2023\/12\/philosophie-300x203.jpeg 300w\" sizes=\"auto, (max-width: 320px) 100vw, 320px\" \/><\/figure>\n\n\n\n<p class=\"wp-block-paragraph\"><strong>Vous  portez une question ou vous souhaitez faire \u00e9merger un projet ?<\/strong><\/p>\n\n\n\n<p class=\"wp-block-paragraph\">Je vous accompagne pour prendre du recul, comprendre ce qui se joue et ouvrir de nouvelles possibilit\u00e9s d\u2019action.<\/p>\n\n\n\n<p class=\"wp-block-paragraph\"><strong>Vous \u00eates peut-\u00eatre ici parce que\u2026<\/strong><\/p>\n\n\n\n<p class=\"wp-block-paragraph\"><strong>Quelque chose change.<\/strong><\/p>\n\n\n\n<p class=\"wp-block-paragraph\">Vous traversez une transition professionnelle, personnelle ou collective et vous avez besoin de prendre du recul.<\/p>\n\n\n\n<p class=\"wp-block-paragraph\"><strong>Vous cherchez \u00e0 comprendre.<\/strong><\/p>\n\n\n\n<p class=\"wp-block-paragraph\">Une question, une situation ou une transformation m\u00e9rite d\u2019\u00eatre explor\u00e9e plus profond\u00e9ment.<\/p>\n\n\n\n<p class=\"wp-block-paragraph\"><strong>Vous voulez faire \u00e9merger une parole.<\/strong><\/p>\n\n\n\n<p class=\"wp-block-paragraph\">Vous souhaitez \u00e9couter des personnes, recueillir des exp\u00e9riences ou raconter une histoire.<\/p>\n\n\n\n<p class=\"wp-block-paragraph\"><strong>Vous voulez mettre un collectif en mouvement.<\/strong><\/p>\n\n\n\n<p class=\"wp-block-paragraph\">Vous cherchez un espace de dialogue, de r\u00e9flexion ou de confrontation des points de vue.<\/p>\n\n\n\n<p class=\"wp-block-paragraph\"><strong>Vous avez un projet.<\/strong><\/p>\n\n\n\n<p class=\"wp-block-paragraph\">Vous avez une id\u00e9e mais vous ne savez pas encore quelle forme lui donner. Explorons ce qu&rsquo;elle rend possible!<\/p>\n\n\n\n<p class=\"wp-block-paragraph\">L<strong>es axes d&rsquo;interventions<\/strong><\/p>\n\n\n\n<p class=\"wp-block-paragraph\"><strong>01 \u2014 ACCOMPAGNER<\/strong><\/p>\n\n\n\n<p class=\"wp-block-paragraph\"><strong>Prendre du recul pour retrouver une capacit\u00e9 d\u2019action.<\/strong><\/p>\n\n\n\n<p class=\"wp-block-paragraph\">Un accompagnement fond\u00e9 sur la r\u00e9flexion, le questionnement et la mise en perspective.<\/p>\n\n\n\n<p class=\"wp-block-paragraph\">Pour celles et ceux qui traversent une p\u00e9riode de changement et souhaitent clarifier ce qui se joue, leurs priorit\u00e9s et les possibilit\u00e9s qui s\u2019offrent \u00e0 eux.<\/p>\n\n\n\n<p class=\"wp-block-paragraph\">\u2e3b<\/p>\n\n\n\n<p class=\"wp-block-paragraph\"><strong>02 \u2014 EXPLORER<\/strong><\/p>\n\n\n\n<p class=\"wp-block-paragraph\"><strong>Enqu\u00eater pour comprendre.<\/strong><\/p>\n\n\n\n<p class=\"wp-block-paragraph\">Entretiens, recherche, analyse, observation et mise en perspective.<\/p>\n\n\n\n<p class=\"wp-block-paragraph\">Pour une organisation, un m\u00e9dia, une institution ou un projet qui souhaite explorer une question en profondeur.<\/p>\n\n\n\n<p class=\"wp-block-paragraph\">\u2e3b<\/p>\n\n\n\n<p class=\"wp-block-paragraph\"><strong>03 \u2014 RASSEMBLER<\/strong><\/p>\n\n\n\n<p class=\"wp-block-paragraph\"><strong>Cr\u00e9er un espace pour penser ensemble.<\/strong><\/p>\n\n\n\n<p class=\"wp-block-paragraph\">Ateliers, conf\u00e9rences, rencontres et dispositifs de r\u00e9flexion collective.<\/p>\n\n\n\n<p class=\"wp-block-paragraph\">Pour faire \u00e9merger les questions, confronter les points de vue et permettre \u00e0 un groupe de construire une compr\u00e9hension commune.<\/p>\n\n\n\n<p class=\"wp-block-paragraph\">\u2e3b<\/p>\n\n\n\n<p class=\"wp-block-paragraph\"><strong>04 \u2014 TRANSMETTRE<\/strong><\/p>\n\n\n\n<p class=\"wp-block-paragraph\"><strong>Donner une forme \u00e0 ce qui m\u00e9rite d\u2019\u00eatre conserv\u00e9.<\/strong><\/p>\n\n\n\n<p class=\"wp-block-paragraph\">Portraits, r\u00e9cits, entretiens, collecte de m\u00e9moire et projets de transmission.<\/p>\n\n\n\n<p class=\"wp-block-paragraph\">Pour faire vivre une histoire, un savoir-faire, une exp\u00e9rience ou un h\u00e9ritage.<\/p>\n\n\n\n<p class=\"wp-block-paragraph\">\u2e3b<\/p>\n\n\n\n<p class=\"wp-block-paragraph\"><strong>05 \u2014 CONSTRUIRE<\/strong><\/p>\n\n\n\n<p class=\"wp-block-paragraph\"><strong>Donner forme \u00e0 une id\u00e9e.<\/strong><\/p>\n\n\n\n<p class=\"wp-block-paragraph\">Certains projets ne rentrent dans aucune case.<\/p>\n\n\n\n<p class=\"wp-block-paragraph\">Recherche, \u00e9criture, enqu\u00eate, \u00e9v\u00e9nement, dispositif \u00e9ditorial ou projet hybride.<\/p>\n\n\n\n<p class=\"wp-block-paragraph\"><strong><a href=\"https:\/\/www.agathevidal.fr\/?page_id=389\" title=\"Contact\">\u2192 Parlons de votre projet<\/a><\/strong><\/p>\n\n\n\n<p class=\"wp-block-paragraph\"><strong>Une autre mani\u00e8re d\u2019accompagner<\/strong><\/p>\n\n\n\n<p class=\"wp-block-paragraph\">Je ne propose pas de m\u00e9thode toute faite.<\/p>\n\n\n\n<p class=\"wp-block-paragraph\">Je pars de votre situation, de votre question et de ce qui est r\u00e9ellement en jeu.<\/p>\n\n\n\n<p class=\"wp-block-paragraph\">Mon approche associe :<\/p>\n\n\n\n<p class=\"wp-block-paragraph\"><strong>PHILOSOPHIE<\/strong><\/p>\n\n\n\n<p class=\"wp-block-paragraph\">pour questionner les \u00e9vidences.<\/p>\n\n\n\n<p class=\"wp-block-paragraph\"><strong>\u00c9COUTE<\/strong><\/p>\n\n\n\n<p class=\"wp-block-paragraph\">pour comprendre les exp\u00e9riences.<\/p>\n\n\n\n<p class=\"wp-block-paragraph\"><strong>ENQU\u00caTE<\/strong><\/p>\n\n\n\n<p class=\"wp-block-paragraph\">pour partir du r\u00e9el.<\/p>\n\n\n\n<p class=\"wp-block-paragraph\"><strong>\u00c9CRITURE<\/strong><\/p>\n\n\n\n<p class=\"wp-block-paragraph\">pour mettre en forme la pens\u00e9e.<\/p>\n\n\n\n<p class=\"wp-block-paragraph\"><strong>MISE EN RELATION<\/strong><\/p>\n\n\n\n<p class=\"wp-block-paragraph\">pour faire \u00e9merger de nouvelles perspectives.<\/p>\n\n\n\n<p class=\"wp-block-paragraph\"><strong>ACTION<\/strong><\/p>\n\n\n\n<p class=\"wp-block-paragraph\">pour transformer la compr\u00e9hension en possibilit\u00e9.<\/p>\n\n\n\n<p class=\"wp-block-paragraph\"><strong>COMMENT \u00c7A COMMENCE ?<\/strong><\/p>\n\n\n\n<p class=\"wp-block-paragraph\"><strong>01 \u2014 Vous me pr\u00e9sentez votre question.<\/strong><\/p>\n\n\n\n<p class=\"wp-block-paragraph\">Un premier \u00e9change permet de comprendre votre situation et ce que vous cherchez \u00e0 faire \u00e9merger.<\/p>\n\n\n\n<p class=\"wp-block-paragraph\"><strong>02 \u2014 Nous d\u00e9finissons ensemble le bon format.<\/strong><\/p>\n\n\n\n<p class=\"wp-block-paragraph\">Accompagnement, enqu\u00eate, atelier, conf\u00e9rence, \u00e9criture ou projet sur mesure.<\/p>\n\n\n\n<p class=\"wp-block-paragraph\"><strong>03 \u2014 Nous construisons le projet.<\/strong><\/p>\n\n\n\n<p class=\"wp-block-paragraph\">Le format, le calendrier et les modalit\u00e9s sont d\u00e9finis en fonction de votre objectif.<\/p>\n\n\n\n<p class=\"wp-block-paragraph\"><strong>04 \u2014 Nous avan\u00e7ons.<\/strong><\/p>\n\n\n\n<p class=\"wp-block-paragraph\">Avec un cadre clair, mais suffisamment ouvert pour laisser place \u00e0 ce qui \u00e9mergera du travail.<\/p>\n\n\n\n<p class=\"wp-block-paragraph\"><strong>Vous avez une question ?<\/strong><\/p>\n\n\n\n<p class=\"wp-block-paragraph\">Vous n\u2019avez pas besoin d\u2019avoir d\u00e9j\u00e0 d\u00e9fini la solution.<\/p>\n\n\n\n<p class=\"wp-block-paragraph\"><strong>Commencez simplement par me raconter ce qui vous am\u00e8ne ici.<\/strong><\/p>\n\n\n\n<p class=\"wp-block-paragraph\"><a href=\"https:\/\/www.agathevidal.fr\/?page_id=389\" title=\"Contact\">Contact<\/a><\/p>\n\n\n\n<p class=\"wp-block-paragraph\">\u2e3b<\/p>\n\n\n\n<p class=\"wp-block-paragraph\"><strong>Les formats d\u2019intervention<\/strong><\/p>\n\n\n\n<p class=\"wp-block-paragraph\"><strong>Conf\u00e9rences<\/strong><\/p>\n\n\n\n<p class=\"wp-block-paragraph\"><strong>Donner des cl\u00e9s de lecture pour comprendre les transformations de notre \u00e9poque<\/strong><\/p>\n\n\n\n<p class=\"wp-block-paragraph\">Une conf\u00e9rence permet d\u2019introduire une question, de d\u00e9placer les regards et d\u2019ouvrir un espace de r\u00e9flexion collectif.<\/p>\n\n\n\n<p class=\"wp-block-paragraph\">Les th\u00e8mes peuvent notamment porter sur :<\/p>\n\n\n\n<ul class=\"wp-block-list\">\n<li>les transformations de notre \u00e9poque ;<\/li>\n\n\n\n<li>la r\u00e9silience ;<\/li>\n\n\n\n<li>le sens et l\u2019action ;<\/li>\n\n\n\n<li>la pens\u00e9e critique ;<\/li>\n\n\n\n<li>les nouvelles formes de travail ;<\/li>\n\n\n\n<li>la transmission ;<\/li>\n\n\n\n<li>les relations entre individu et collectif ;<\/li>\n\n\n\n<li>les enjeux philosophiques de la transformation.<\/li>\n<\/ul>\n\n\n\n<p class=\"wp-block-paragraph\">Les conf\u00e9rences peuvent \u00eatre con\u00e7ues \u00e0 partir du contexte et des enjeux de votre organisation.<\/p>\n\n\n\n<p class=\"wp-block-paragraph\"><strong>\u2192 <a href=\"https:\/\/www.agathevidal.fr\/?page_id=389\" title=\"Contact\">Organiser une conf\u00e9rence<\/a><\/strong><\/p>\n\n\n\n<p class=\"wp-block-paragraph\">\u2e3b<\/p>\n\n\n\n<p class=\"wp-block-paragraph\"><strong>Ateliers philosophiques<\/strong><\/p>\n\n\n\n<p class=\"wp-block-paragraph\"><strong>Penser ensemble pour d\u00e9placer les regards<\/strong><\/p>\n\n\n\n<p class=\"wp-block-paragraph\">L\u2019atelier cr\u00e9e un espace diff\u00e9rent de celui d\u2019une conf\u00e9rence.<\/p>\n\n\n\n<p class=\"wp-block-paragraph\">Les participants sont invit\u00e9s \u00e0 partir d\u2019une question, d\u2019une situation ou d\u2019une exp\u00e9rience pour explorer collectivement les repr\u00e9sentations qui orientent leurs mani\u00e8res de penser et d\u2019agir.<\/p>\n\n\n\n<p class=\"wp-block-paragraph\">Un atelier peut permettre de :<\/p>\n\n\n\n<ul class=\"wp-block-list\">\n<li>d\u00e9velopper l\u2019esprit critique ;<\/li>\n\n\n\n<li>questionner les \u00e9vidences ;<\/li>\n\n\n\n<li>mettre en dialogue des points de vue diff\u00e9rents ;<\/li>\n\n\n\n<li>clarifier des valeurs ;<\/li>\n\n\n\n<li>faire \u00e9merger de nouvelles perspectives ;<\/li>\n\n\n\n<li>retrouver une capacit\u00e9 de questionnement.<\/li>\n<\/ul>\n\n\n\n<p class=\"wp-block-paragraph\">La philosophie devient alors une <strong>pratique collective du discernement<\/strong>.<\/p>\n\n\n\n<p class=\"wp-block-paragraph\"><strong>\u2192 <a href=\"https:\/\/www.agathevidal.fr\/?page_id=389\" title=\"Contact\">Concevoir un atelier<\/a><\/strong><\/p>\n\n\n\n<p class=\"wp-block-paragraph\">\u2e3b<\/p>\n\n\n\n<p class=\"wp-block-paragraph\"><strong>Accompagner les transformations<\/strong><\/p>\n\n\n\n<p class=\"wp-block-paragraph\"><strong>Prendre du recul pour retrouver une capacit\u00e9 d\u2019action<\/strong><\/p>\n\n\n\n<p class=\"wp-block-paragraph\">Certaines transformations n\u00e9cessitent davantage qu\u2019une intervention ponctuelle.<\/p>\n\n\n\n<p class=\"wp-block-paragraph\">Je peux accompagner une \u00e9quipe, un collectif ou une organisation dans une d\u00e9marche plus longue permettant de :<\/p>\n\n\n\n<p class=\"wp-block-paragraph\"><strong>observer \u2192 comprendre \u2192 questionner \u2192 relier \u2192 d\u00e9cider \u2192 agir.<\/strong><\/p>\n\n\n\n<p class=\"wp-block-paragraph\">L\u2019accompagnement peut notamment porter sur :<\/p>\n\n\n\n<ul class=\"wp-block-list\">\n<li>une transformation organisationnelle ;<\/li>\n\n\n\n<li>une r\u00e9flexion sur le sens d\u2019un projet ;<\/li>\n\n\n\n<li>une \u00e9volution des pratiques ;<\/li>\n\n\n\n<li>une d\u00e9marche de coop\u00e9ration ;<\/li>\n\n\n\n<li>une r\u00e9flexion sur les valeurs ;<\/li>\n\n\n\n<li>une probl\u00e9matique de transmission ;<\/li>\n\n\n\n<li>une p\u00e9riode de transition.<\/li>\n<\/ul>\n\n\n\n<p class=\"wp-block-paragraph\">Il ne s\u2019agit pas d\u2019apporter des solutions toutes faites, mais de cr\u00e9er les conditions permettant au collectif de construire ses propres r\u00e9ponses.<\/p>\n\n\n\n<p class=\"wp-block-paragraph\"><strong>\u2192 <a href=\"https:\/\/www.agathevidal.fr\/?page_id=389\" title=\"Contact\">\u00c9changer sur votre situation<\/a><\/strong><\/p>\n\n\n\n<p class=\"wp-block-paragraph\">\u2e3b<\/p>\n\n\n\n<p class=\"wp-block-paragraph\"><strong>Concevoir une d\u00e9marche sur mesure<\/strong><\/p>\n\n\n\n<p class=\"wp-block-paragraph\">Chaque organisation poss\u00e8de son histoire, sa culture et ses enjeux.<\/p>\n\n\n\n<p class=\"wp-block-paragraph\">Je peux concevoir avec vous une intervention combinant plusieurs formats :<\/p>\n\n\n\n<p class=\"wp-block-paragraph\"><strong>conf\u00e9rence + atelier<\/strong><\/p>\n\n\n\n<p class=\"wp-block-paragraph\"><strong>enqu\u00eate + restitution<\/strong><\/p>\n\n\n\n<p class=\"wp-block-paragraph\"><strong>entretiens + s\u00e9minaire<\/strong><\/p>\n\n\n\n<p class=\"wp-block-paragraph\"><strong>recherche + intervention<\/strong><\/p>\n\n\n\n<p class=\"wp-block-paragraph\"><strong>r\u00e9flexion collective + production \u00e9ditoriale<\/strong><\/p>\n\n\n\n<p class=\"wp-block-paragraph\">L\u2019objectif est de construire une d\u00e9marche qui corresponde r\u00e9ellement \u00e0 votre situation.<\/p>\n\n\n\n<p class=\"wp-block-paragraph\">\u2e3b<\/p>\n\n\n\n<p class=\"wp-block-paragraph\"><strong>Avec qui je travaille<\/strong><\/p>\n\n\n\n<p class=\"wp-block-paragraph\"><strong>Individus<\/strong><\/p>\n\n\n\n<p class=\"wp-block-paragraph\">Transitions, questionnements, projets, repositionnement.<\/p>\n\n\n\n<p class=\"wp-block-paragraph\"><strong>M\u00e9dias<\/strong><\/p>\n\n\n\n<p class=\"wp-block-paragraph\">Entretiens, enqu\u00eates, chroniques, formats \u00e9ditoriaux.<\/p>\n\n\n\n<p class=\"wp-block-paragraph\"><strong>Chercheurs(es)S, Auteurs &amp; <\/strong><b>Artistes<\/b><\/p>\n\n\n\n<p class=\"wp-block-paragraph\">Recherche, r\u00e9flexion, \u00e9criture et projets crois\u00e9s.<\/p>\n\n\n\n<p class=\"wp-block-paragraph\"><strong>Pour qui ?<\/strong><\/p>\n\n\n\n<p class=\"wp-block-paragraph\">J\u2019interviens aupr\u00e8s de :<\/p>\n\n\n\n<p class=\"wp-block-paragraph\"><strong>Entreprises<\/strong><\/p>\n\n\n\n<p class=\"wp-block-paragraph\">Pour accompagner des transformations, ouvrir des espaces de r\u00e9flexion ou travailler les questions de sens et de coop\u00e9ration.<\/p>\n\n\n\n<p class=\"wp-block-paragraph\"><strong>Associations et acteurs de l\u2019\u00e9conomie sociale et solidaire<\/strong><\/p>\n\n\n\n<p class=\"wp-block-paragraph\">Pour questionner les pratiques, les valeurs, la transmission et les \u00e9volutions du projet collectif.<\/p>\n\n\n\n<p class=\"wp-block-paragraph\"><strong>Institutions et collectivit\u00e9s<\/strong><\/p>\n\n\n\n<p class=\"wp-block-paragraph\">Pour cr\u00e9er des espaces de dialogue autour des transformations sociales, culturelles et territoriales.<\/p>\n\n\n\n<p class=\"wp-block-paragraph\"><strong>\u00c9tablissements d\u2019enseignement et organismes de formation<\/strong><\/p>\n\n\n\n<p class=\"wp-block-paragraph\">Pour d\u00e9velopper la pens\u00e9e critique, le questionnement philosophique et la r\u00e9flexion sur les enjeux contemporains.<\/p>\n\n\n\n<p class=\"wp-block-paragraph\"><strong>\u00c9tablissements de sant\u00e9 et structures m\u00e9dico-sociales<\/strong><\/p>\n\n\n\n<p class=\"wp-block-paragraph\">Pour accompagner les questions d\u2019\u00e9thique du soin, de m\u00e9diation entre patients et \u00e9quipes, et les enjeux pos\u00e9s par les transformations technologiques \u2014 notamment l\u2019intelligence artificielle \u2014 dans le secteur de la sant\u00e9.<\/p>\n\n\n\n<p class=\"wp-block-paragraph\"><strong>Collectifs et r\u00e9seaux professionnels<\/strong><\/p>\n\n\n\n<p class=\"wp-block-paragraph\">Pour mettre en discussion une question commune et faire \u00e9merger de nouvelles perspectives<\/p>\n\n\n\n<p class=\"wp-block-paragraph\">\u2e3b<\/p>\n\n\n\n<p class=\"wp-block-paragraph\"><strong>Une philosophie au contact du r\u00e9el<\/strong> : <strong>une autre mani\u00e8re d\u2019accompagner<\/strong><\/p>\n\n\n\n<p class=\"wp-block-paragraph\">Je ne propose pas de m\u00e9thode toute faite.<\/p>\n\n\n\n<p class=\"wp-block-paragraph\">Nous partons de votre situation, de votre question et de ce qui est r\u00e9ellement en jeu.<\/p>\n\n\n\n<p class=\"wp-block-paragraph\"><strong>Mon approche associe :<\/strong><\/p>\n\n\n\n<p class=\"wp-block-paragraph\"><strong>PHILOSOPHIE<\/strong><\/p>\n\n\n\n<p class=\"wp-block-paragraph\">Pour questionner les \u00e9vidences.<\/p>\n\n\n\n<p class=\"wp-block-paragraph\"><strong>\u00c9COUTE<\/strong><\/p>\n\n\n\n<p class=\"wp-block-paragraph\">Pour comprendre les exp\u00e9riences.<\/p>\n\n\n\n<p class=\"wp-block-paragraph\"><strong>ENQU\u00caTE<\/strong><\/p>\n\n\n\n<p class=\"wp-block-paragraph\">Pour partir du r\u00e9el.<\/p>\n\n\n\n<p class=\"wp-block-paragraph\"><strong>\u00c9CRITURE<\/strong><\/p>\n\n\n\n<p class=\"wp-block-paragraph\">Pour mettre en forme la pens\u00e9e.<\/p>\n\n\n\n<p class=\"wp-block-paragraph\"><strong>MISE EN RELATION<\/strong><\/p>\n\n\n\n<p class=\"wp-block-paragraph\">Pour faire \u00e9merger de nouvelles perspectives.<\/p>\n\n\n\n<p class=\"wp-block-paragraph\"><strong>INTELLIGENCE ARTIFICIELLE<\/strong><\/p>\n\n\n\n<p class=\"wp-block-paragraph\">Pour explorer de nouvelles formes de cr\u00e9ation et de r\u00e9flexion collective.<\/p>\n\n\n\n<p class=\"wp-block-paragraph\"><strong>ACTION<\/strong><\/p>\n\n\n\n<p class=\"wp-block-paragraph\">Pour transformer la compr\u00e9hension en possibilit\u00e9.<\/p>\n\n\n\n<p class=\"wp-block-paragraph\">\u2e3b<\/p>\n\n\n\n<p class=\"wp-block-paragraph\"><strong>Construisons votre intervention<\/strong><\/p>\n\n\n\n<p class=\"wp-block-paragraph\">Vous traversez une transformation, vous souhaitez ouvrir une r\u00e9flexion ou vous cherchez une mani\u00e8re diff\u00e9rente de mettre votre collectif au travail ?<\/p>\n\n\n\n<p class=\"wp-block-paragraph\">Je vous propose un premier \u00e9change pour comprendre votre contexte et d\u00e9terminer ensemble la forme d\u2019intervention la plus pertinente.<\/p>\n\n\n\n<p class=\"wp-block-paragraph\"><strong>Parlons de votre projet<\/strong><\/p>\n\n\n\n<p class=\"wp-block-paragraph\"><a href=\"https:\/\/www.agathevidal.fr\/?page_id=389\" title=\"Contact\">[Me contacter]<\/a><\/p>\n\n\n\n<p class=\"wp-block-paragraph\"><a href=\"https:\/\/www.agathevidal.fr\/?page_id=443\" title=\"Recherches\">[Voir les recherches]<\/a><\/p>\n\n\n\n<hr class=\"wp-block-separator has-alpha-channel-opacity\"\/>\n\n\n\n<p class=\"wp-block-paragraph\">AGATHE VIDAL<br>Philosophe \u00b7 chercheuse \u00b7 autrice<\/p>\n\n\n\n<p class=\"wp-block-paragraph\">Penser les transformations.<br>\u00c9couter le r\u00e9el.<br>Relier les exp\u00e9riences.<br>Cr\u00e9er des possibilit\u00e9s d&rsquo;action.<\/p>\n\n\n\n<p class=\"wp-block-paragraph\"><a href=\"https:\/\/www.instagram.com\/agathe.vidal\/\" title=\"\" target=\"_blank\" rel=\"noopener\">Instagram<\/a> \u00b7 <a href=\"https:\/\/www.linkedin.com\/in\/agathe-vidal\/\" title=\"\" target=\"_blank\" rel=\"noopener\">LinkedIn<\/a> \u00b7 <a href=\"https:\/\/www.amazon.fr\/Se-manquer-d\u00e9sir-lAutre-comme\/dp\/1728949580?ref_=ast_author_dp&amp;th=1&amp;psc=1\" title=\"\" target=\"_blank\" rel=\"noopener\">Amazon<\/a> <a href=\"https:\/\/radioecclesia.com\/fr\/podcasts\/17\/\" title=\"\" target=\"_blank\" rel=\"noopener\">Podcast<\/a> \u00b7 <a href=\"contact@agathevidal.com\" title=\"Contact\">Contact<\/a><\/p>\n","protected":false},"excerpt":{"rendered":"<p>Vous portez une question ou vous souhaitez faire \u00e9merger un projet ? Je vous accompagne pour prendre du recul, comprendre ce qui se joue et ouvrir de nouvelles possibilit\u00e9s d\u2019action. Vous \u00eates peut-\u00eatre ici parce que\u2026 Quelque chose change. Vous traversez une transition professionnelle, personnelle ou collective et vous avez besoin de prendre du recul. [&hellip;]<\/p>\n","protected":false},"author":1,"featured_media":0,"parent":0,"menu_order":0,"comment_status":"closed","ping_status":"closed","template":"","meta":{"_acf_changed":false,"om_disable_all_campaigns":false,"_monsterinsights_skip_tracking":false,"footnotes":""},"class_list":["post-8","page","type-page","status-publish","hentry"],"acf":[],"_links":{"self":[{"href":"https:\/\/www.agathevidal.fr\/index.php?rest_route=\/wp\/v2\/pages\/8","targetHints":{"allow":["GET"]}}],"collection":[{"href":"https:\/\/www.agathevidal.fr\/index.php?rest_route=\/wp\/v2\/pages"}],"about":[{"href":"https:\/\/www.agathevidal.fr\/index.php?rest_route=\/wp\/v2\/types\/page"}],"author":[{"embeddable":true,"href":"https:\/\/www.agathevidal.fr\/index.php?rest_route=\/wp\/v2\/users\/1"}],"replies":[{"embeddable":true,"href":"https:\/\/www.agathevidal.fr\/index.php?rest_route=%2Fwp%2Fv2%2Fcomments&post=8"}],"version-history":[{"count":27,"href":"https:\/\/www.agathevidal.fr\/index.php?rest_route=\/wp\/v2\/pages\/8\/revisions"}],"predecessor-version":[{"id":492,"href":"https:\/\/www.agathevidal.fr\/index.php?rest_route=\/wp\/v2\/pages\/8\/revisions\/492"}],"wp:attachment":[{"href":"https:\/\/www.agathevidal.fr\/index.php?rest_route=%2Fwp%2Fv2%2Fmedia&parent=8"}],"curies":[{"name":"wp","href":"https:\/\/api.w.org\/{rel}","templated":true}]}}